{"id":37,"date":"2018-03-28T20:23:14","date_gmt":"2018-03-28T20:23:14","guid":{"rendered":"http:\/\/amlr.ro\/?page_id=37"},"modified":"2023-06-28T22:18:24","modified_gmt":"2023-06-28T19:18:24","slug":"despre-amlr-2","status":"publish","type":"page","link":"https:\/\/amlr.ro\/?page_id=37","title":{"rendered":"DESPRE NOI"},"content":{"rendered":"\n<p><strong>Asocia\u0163ia de Medicin\u0103 de Laborator din Rom\u00e2nia<\/strong> continu\u0103 activitatea Funda\u0163iei de Laborator Clinic Marcela Zamfirescu Gheorghiu \u015fi \u00ee\u015fi propune s\u0103 contribuie la sprijinirea \u015fi \u00eembun\u0103t\u0103\u0163irea preg\u0103tirii profesionale \u00een domeniul medicinei de laborator a tinerilor speciali\u015fti (medici, biologi, biochimi\u015fti, chimi\u015fti), la sus\u0163inerea \u015fi impulsionarea cercet\u0103rilor \u015ftiin\u0163ifice efectuate de ace\u015ftia, la perfec\u0163ionarea activit\u0103\u0163ii desf\u0103\u015furate \u00een domeniul medicinei de laborator, \u00een sensul armoniz\u0103rii acesteia cu standardele Uniunii Europene.<\/p>\n\n\n\n<p>\u00cen acest scop, Asocia\u0163ia \u00ee\u015fi concretizeaz\u0103 eforturile \u00een organizarea de manifest\u0103ri \u015ftiin\u0163ifice, cursuri intensive, expozi\u0163ii de aparatur\u0103 medical\u0103 de laborator \u015fi prezent\u0103ri de tehnici moderne, de \u00eenalt\u0103 performan\u0163\u0103 \u00een diagnosticul medical, cu participarea unor personalit\u0103\u0163i competente din \u0163ar\u0103 \u015fi str\u0103in\u0103tate. Aceste activit\u0103\u0163i sunt organizate \u00een cooperare cu Facult\u0103\u0163ile de Medicin\u0103, laboratoarele publice \u015fi private, companii \u015fi alte organiza\u0163ii juridice.<\/p>\n\n\n\n<p>Asocia\u0163ia intermediaz\u0103 ob\u0163inerea de burse de studiu sau de cercetare, \u00een \u0163ar\u0103 \u015fi \u00een str\u0103in\u0103tate, \u00een special pentru doctoranzi, sprijin material pentru participarea la manifest\u0103rile de specialitate din \u0163ar\u0103 \u015fi din str\u0103in\u0103tate; pentru publicarea cercet\u0103rilor \u015fi studiilor \u00een revistele de specialitate; organizeaz\u0103 modalit\u0103\u0163i de premiere a tinerilor cercet\u0103tori pentru rezultate deosebite \u00een domeniu, ob\u0163inerea de documenta\u0163ie de specialitate, etc.<\/p>\n\n\n\n<p>\u00cencep\u00e2nd cu anul 2006 AMLR este membru afiliat al <a href=\"http:\/\/www.ifcc.org\/\">IFCC<\/a> (International Federation of Clinical Chemistry and Laboratory Medicine) \u015fi \u00eencep\u00e2nd cu anul 2009,&nbsp;membru <a href=\"http:\/\/eflm.eu\/\" target=\"_blank\" rel=\"noopener noreferrer\">EFLM<\/a> (European Federation of Laboratory Medicine).<\/p>\n\n\n\n<p><a href=\"https:\/\/amlr.ro\/wp-content\/uploads\/2019\/06\/Act_Constitutiv_web.pdf\">Desc\u0103rcare act constitutiv<\/a><\/p>\n\n\n\n<hr class=\"wp-block-separator has-css-opacity is-style-wide\"\/>\n\n\n\n<h2 class=\"wp-block-heading\">STRUCTURA CONSILIULUI DIRECTOR<\/h2>\n\n\n\n<p><strong>Pre\u0219edinte:<\/strong><br>Dr. Daniela Jitaru<br>INSTITUTUL REGIONAL DE ONCOLOGIE \u2013 IRO, IA\u015eI Laboratorul de Analize Medicale Str. G-ral Henri Mathias Berthelot nr.2 \u2013 4, Iasi, Romania<br>Medic primar \u00een specialitatea medicin\u0103 de laborator \u2013 \u0218eful Laboratorului de Analize Medicale&nbsp;<br><a rel=\"noreferrer noopener\" href=\"mailto:laborator@iroiasi.ro\" target=\"_blank\">laborator@iroiasi.ro<\/a>; <a rel=\"noreferrer noopener\" href=\"mailto:danielajitaru@yahoo.com\" target=\"_blank\">danielajitaru@yahoo.com<\/a><\/p>\n\n\n\n<p><strong>Vicepre\u0219edin\u021bi<\/strong>:<br>Prof. Dr. Minodora Dobreanu<br>Universitatea de Medicin\u0103, Farmacie, \u0218tiin\u021be \u0219i Tehnologie T\u00e2rgu Mure\u0219 <br>Gheorghe Marinescu nr.38, cod 540136 T\u00e2rgu Mure\u0219, Rom\u00e2nia<br>Laborator clinic analize medicale, Spitalul Clinic Jude\u021bean de Urgen\u021b\u0103 T\u00e2rgu Mure\u0219<br>Gheorghe Marinescu nr.50, cod 540139 T\u00e2rgu Mure\u0219, Rom\u00e2nia<br><a href=\"mailto:dobreanum@gmail.com\">dobreanum@gmail.com<\/a><\/p>\n\n\n\n<p>Prof. univ. dr. Ileana Constantinescu<br>\u0218eful Centrului de Imunogenetic\u0103 \u0219i Virusologie Fundeni (Centrul de ref.<br>pentru Rom\u00e2nia &#8211; Acreditat EFI)<br>Institutul Clinic Fundeni<br>Sos. Fundeni, Nr. 258, sector 2, 0022328, Bucure\u0219ti, Rom\u00e2nia<br>Tel\/Fax: 0040.21.318.04.48<br>GSM: 0040.744.341.984<br><a rel=\"noreferrer noopener\" href=\"mailto:ileana.constantinescu@imunogenetica.ro\" target=\"_blank\">ileana.constantinescu@imunogenetica.ro<\/a>; <a rel=\"noreferrer noopener\" href=\"mailto:laborator@imunogenetica.ro\" target=\"_blank\">laborator@imunogenetica.ro<\/a><br>Site: <a rel=\"noreferrer noopener\" href=\"http:\/\/www.imunogenetica.ro\" target=\"_blank\">www.imunogenetica.ro<\/a><a href=\"mailto:c_dimit@yahoo.com\"> <\/a><br>UNIVERSITATEA DE MEDICINA SI FARMACIE &#8220;CAROL DAVILA&#8221;, BUCURESTI<br>Facultatea de Medicin\u0103 General\u0103<br>\u0218ef Disciplina Imunologie \u0219i Imunologie de Transplant<\/p>\n\n\n\n<p><strong>Membru:<\/strong><br>Prof. Dr. Adrian Man<br>Universitatea de Medicin\u0103, Farmacie, \u0218tiin\u021be \u0219i Tehnologie T\u00e2rgu Mure\u0219<br>38 Gh Marinescu, 540136 T\u00e2rgu Mure\u0219, Rom\u00e2nia<br><a href=\"mailto:adrian.man@rrml.ro\">adrian.man@rrml.ro<\/a><\/p>\n\n\n\n<p><strong>Secretar: <\/strong><br>Elena &#8211; Cristina Selicean<br>Medic primar medicin\u0103 de laborator, doctor \u00een medicin\u0103&nbsp;<br>Institutul Oncologic Profesor Dr. Ion Chiricu\u021b\u0103 Cluj-Napoca<br>Laborator de Analize Medicale Hematologie<br>Strada Republicii nr. 34-36 RO-400015 Cluj-Napoca<br><a rel=\"noreferrer noopener\" href=\"mailto:cristina.selicean@rrml.ro\" target=\"_blank\">cristina.selicean@rrml.ro<\/a><\/p>\n\n\n\n<p><strong>Trezorier<\/strong>:<br>Dr. Biol. Ariadna R\u0103dulescu<br><a href=\"mailto:ariadna_cici@yahoo.com\">ariadna_cici@yahoo.com<\/a><\/p>\n\n\n\n\n\n<h2 class=\"wp-block-heading\">REPREZENTAN\u021aI SOCIET\u0102\u021aI INTERNA\u021aIONALE<\/h2>\n\n\n\n<p><strong>Reprezentant na\u021bional pentru <a href=\"https:\/\/www.eflm.eu\/site\/page\/a\/1046\">EFLM<\/a>: &nbsp;<\/strong><br>Conf. Dr. Ioana Bruda\u0219c\u0103<br>Universitatea de Medicin\u0103 \u0219i Farmacie str. Pasteur 6, 400349 Cluj Napoca, Rom\u00e2nia<br><a href=\"mailto:ioana.brudasca@yahoo.com\">ioana.brudasca@yahoo.com<\/a><\/p>\n\n\n\n<p><strong data-rich-text-format-boundary=\"true\">Reprezentant na\u021bional pentru <a href=\"https:\/\/www.ifcc.org\/executive-board-and-council\/council\/full-members\/romania-national-society-ro\/\">IFCC<\/a>: \u00a0<\/strong><br data-rich-text-line-break=\"true\" \/>Dr. Daniela Jitaru<br \/>INSTITUTUL REGIONAL DE ONCOLOGIE \u2013 IRO, IA\u015eI Laboratorul de Analize Medicale Str. G-ral Henri Mathias Berthelot nr.2 \u2013 4, Iasi, Romania<br \/>Medic primar \u00een specialitatea medicin\u0103 de laborator \u2013 \u0218eful Laboratorului de Analize Medicale\u00a0<br \/><a href=\"mailto:laborator@iroiasi.ro\" target=\"_blank\" rel=\"noreferrer noopener\">laborator@iroiasi.ro<\/a>; <a href=\"mailto:danielajitaru@yahoo.com\" target=\"_blank\" rel=\"noreferrer noopener\">danielajitaru@yahoo.com<\/a><\/p>\n\n\n\n<p><strong>Reprezentant na\u021bional pentru <a href=\"http:\/\/bclf.info\/romania.htm\">BCLF<\/a>:<\/strong><br>Assoc. prof. Adina Hu\u021banu, MD, PhD<br>Department of Laboratory Medicine<br>George Emil Palade University of Medicine, Pharmacy, Science and Technology of T\u00e2rgu Mure\u0219<br>Gheorghe Marinescu nr.38, cod 540136 T\u00e2rgu Mure\u0219, Rom\u00e2nia<br>Spitalul Clinic Jude\u021bean de Urgen\u021b\u0103 T\u00e2rgu Mure\u0219<br>Gheorghe Marinescu nr.50, cod 540136 T\u00e2rgu Mure\u0219, Rom\u00e2nia<br>e-mail: <a href=\"mailto:adina.hutanu@umfst.ro\">adina.hutanu@umfst.ro<\/a><\/p>\n\n\n\n<hr class=\"wp-block-separator has-css-opacity\"\/>\n\n\n\n<h2 class=\"wp-block-heading\">CANDIDATURI PENTRU ALEGERI 2023<\/h2>\n\n\n\n<p><a href=\"https:\/\/amlr.ro\/wp-content\/uploads\/2023\/06\/Daniela-Jitaru_Scrisoare-de-intentie.pdf\" data-type=\"attachment\" data-id=\"1141\">Scrisoare de intentie Daniela Jitaru<\/a><\/p>\n\n\n\n<p><a href=\"https:\/\/amlr.ro\/wp-content\/uploads\/2023\/06\/CV-Daniela-Jitaru-2023.pdf\" data-type=\"attachment\" data-id=\"1140\">CV Daniela Jitaru<\/a><\/p>\n\n\n\n<hr class=\"wp-block-separator has-css-opacity is-style-wide\"\/>\n\n\n\n<h2 class=\"wp-block-heading\">ISTORIC<\/h2>\n\n\n\n<p>MOMENTE DIN ISTORIA ASOCIA\u021aIEI DE MEDICIN\u0102 DE LABORATOR DIN ROM\u00c2NIA<\/p>\n\n\n\n<p>Ileana Funduc*<\/p>\n\n\n\n<p><em>*Dr. Chim. Ileana Funduc a fost vicepre\u0219edinte al societ\u0103\u021bilor profesionale de medicin\u0103 de laborator dup\u0103 1990, \u0219i este membru fondator al Funda\u021biei Marcela Zamfirescu Gheorghiu, al ALMR \u0219i AMLR.&nbsp; <\/em><\/p>\n\n\n\n<p>Evenimentele de dup\u0103 1989 au creat multe schimb\u0103ri, printre care \u0219i desfiin\u021barea USSM-lui (Uniunea Societ\u0103\u021bilor de \u0218tiin\u021be Medicale) care \u00eentrunea societ\u0103\u021bile medicale \u0219i care avea \u00eent\u00e2lniri periodice \u00een cadrul c\u0103rora se comunicau&nbsp; rezultatele cercet\u0103rilor \u0219tiin\u021bifice.<\/p>\n\n\n\n<p>Un prim moment a fost constituirea SRLC (Societatea Rom\u00e2n\u0103 de Laborator Clinic) av\u00e2nd ca pre\u0219edin\u021bi pe dr.Cornel Chiriloiu \u0219i apoi pe dr.Manole Cojocaru, iar \u00een 1998 s-a constituit Societatea Rom\u00e2n\u0103 de Medicin\u0103 de Laborator (SRML), av\u00e2nd ca pre\u0219edinte pe dr.Manole Cojocaru.<\/p>\n\n\n\n<p>\u00cen 1997 la o \u00eent\u00e2lnire a SRLC, distinsul Prof. Dr.Eugen Mody de la UMF Tg.Mure\u0219, membru al Academiei Medicale de \u0218tiin\u021b\u0103 \u0219i mentor permanent al activit\u0103\u021bii noastre, a venit cu ideea de a \u00eenfiin\u021ba o funda\u021bie ata\u0219at\u0103 societ\u0103\u021bii.&nbsp; Propunerea sa a fost acceptat\u0103 rapid \u0219i \u00een unanimitate. De\u0219i prima propunere a fost ca funda\u021bia s\u0103 poarte numele s\u0103u, Profesorul Mody nu a fost de acord \u0219i a dorit ca funda\u021bia s\u0103 se numeasc\u0103&nbsp; \u201cMarcela Zamfirescu Gheorghiu\u201d. Doctor docent, \u0219ef\u0103 a Laboratorului de Biochimie al Institutului de Medicin\u0103 Intern\u0103 \u201eN.Gh.Lupu\u201d, Dr.Marcela Zamfirescu Gheorghiu a fost o personalitate foarte respectat\u0103 \u0219i onorat\u0103 \u00een acest domeniu.<\/p>\n\n\n\n<p>Prima \u00eentrunire sub aceast\u0103 nou\u0103 form\u0103 de funda\u021bie a avut loc la Poiana Bra\u0219ov \u00een anul 2000, iar formalit\u0103\u021bile oficiale de \u00eenfiin\u021bare ale acesteia s-au f\u0103cut ulterior. Membrii fondatori au fost: Prof. Dr.Docent Aurora Popescu, Dr.Manole Cojocaru, Dr.Ariana Pop \u0219i subsemnata, iar pre\u0219edinte a fost desemnat\u0103 Dr.Minodora Dobreanu.<\/p>\n\n\n\n<p>\u00cen 2001 a avut loc la Suceava prima conferin\u021b\u0103 a funda\u021biei \u201cMarcela Zamfirescu Gheorghiu\u201d,&nbsp; dup\u0103 care conferin\u021bele \u0219i congresele s-au derulat anual, \u00een diversele loca\u021bii din \u00eentreaga \u021bar\u0103. Primul congres al Funda\u021biei \u201eMarcela Zamfirescu Gheorghiu\u201d a avut loc la Mamaia \u00een 2002; \u00een 2003 Conferin\u021ba de la Sovata a comemorat 4 ani de la decesul Profesorului Eugen Mody.<\/p>\n\n\n\n<p>\u00cen 2004 cu ocazia congresului, s-a luat hot\u0103r\u00e2rea ca funda\u021bia s\u0103 se transforme \u00een asocia\u021bie, deoarece se inten\u021biona afilierea la Federa\u021bia Interna\u021bional\u0103 de Chimie Clinic\u0103 (IFCC), care nu include ca membri funda\u021biile. A luat na\u0219tere astfel Asocia\u021bia Laboratoarelor Medicale din Rom\u00e2nia (ALMR), care a avut prima conferin\u021b\u0103 \u00een 2005 la Sibiu. \u00cen 2006 Conferin\u021ba a avut loc la Timi\u0219oara, c\u00e2nd Asocia\u021bia s-a afiliat la Federa\u021bia Interna\u021bional\u0103 de Chimie Clinic\u0103 (IFFC).<\/p>\n\n\n\n<p>Urm\u0103toarele conferin\u021be au avut loc la Ia\u0219i \u00een 2007 \u0219i la Cluj \u00een 2008.<\/p>\n\n\n\n<p>Congresul din 2009 s-a \u021binut la Tg.Mure\u0219, c\u00e2nd a fost ales pre\u0219edinte Prof. Dr.Eugen Carasevici \u0219i a avut loc afilierea la Federa\u021bia European\u0103 de Chimie Clinic\u0103 (EFCC), actuala Federa\u021bie European\u0103 de Medicin\u0103 de Laborator (EFLM). Au urmat apoi Conferin\u021ba de la Mamaia (2010) \u0219i Piatra Neam\u021b (2011).<\/p>\n\n\n\n<p>Sinaia a fost locul Conferin\u021bei \u00een 2012, urmat de Bra\u0219ov 2013, c\u00e2nd a fost aleas\u0103 ca pre\u0219edinte Conf.Dr.Ioana Bruda\u0219c\u0103.<\/p>\n\n\n\n<p>\u00cen 2014 la conferin\u021ba de la Sibiu la adunarea general\u0103 s-a discutat problema unific\u0103rii celor dou\u0103 societ\u0103\u021bi profesionale, ALMR \u0219i SRML, care aveau scopuri similare \u0219i func\u021bionau \u00een paralel, consider\u00e2ndu-se oportun ca profesioni\u0219tii de laborator s\u0103 fie coopta\u021bi \u00eentr-o singur\u0103 entitate.<\/p>\n\n\n\n<p>Societatea Rom\u00e2n\u0103 de Medicin\u0103 de Laborator (SRML) \u0219i-a \u00eencheiat activitatea \u00een 2015, iar \u00een&nbsp; 2015 la conferin\u021ba de la Sighi\u0219oara&nbsp; s-a anun\u021bat \u00eenfiin\u021barea unei societ\u0103\u021bi profesionale unice, Asocia\u021bia de Medicin\u0103 de Laborator din Rom\u00e2nia (AMLR), care cuprindea membri din ambele foste societ\u0103\u021bi. Pre\u0219edinta aleas\u0103 a fost din nou Conf.Dr.Ioana Bruda\u0219c\u0103.<\/p>\n\n\n\n<p>Urm\u0103toarele \u00eent\u00e2lniri ale Asocia\u021biei de Medicin\u0103 de Laborator au avut loc la Cluj (2016), Timi\u0219oara (2017) \u0219i Bucure\u0219ti (2018).<\/p>\n\n\n\n<p>La toate manifest\u0103rile au fost invita\u021bi speakeri de la facult\u0103\u021bile de medicin\u0103 \u0219i institute de cercetare din \u021bar\u0103, precum \u0219i speakeri din str\u0103in\u0103tate, personalit\u0103\u021bi prestigioase \u00een domeniul medicinei de laborator,&nbsp; mul\u021bi dintre ei fiind membri fo\u0219ti sau \u00een exerci\u021biu la acea dat\u0103 ai comitetelor directoare ale IFCC sau EFLM&nbsp; (prof. Graham Beastal, prof. Victor Blatton, prof. Maurizio Ferrari, prof. Grazyna Szypniewska, prof. Tomas Zima, dr. Janet Smith, prof. Gabor Kovacs, prof. Sedef Jenice, prof. Elizabeta Topic, prof. Mauro Panteghini, prof. Anamaria Simundic, dr. Paivi Laitinen, dr. Trefor Higgins). Unii dintre ace\u0219ti speakeri au invitat la r\u00e2ndul lor membri din conducerea asocia\u021biei noastre la manifest\u0103rile lor \u0219tiin\u021bifice, iar dr. Trefor Higgins a ini\u021biat \u00eentre 2003 \u0219i 2006 un stagiu de 4 s\u0103pt\u0103m\u00e2ni \u00een laboratoarele Dyne Care pentru 4 membri ai Asocia\u021biei, cheltuielile fiind acoperite de gazd\u0103. Membrii care au avut aceast\u0103 \u0219ans\u0103 au fost: dr.biochim. Monica Dogaru, dr.Mariana Buzea, dr.Rodica P\u0103curar, dr.Enik\u00f6 Neme\u0219-Nagy .<\/p>\n\n\n\n<p>Pentru a \u00eencuraja tinerii colegi, au fost instituite dou\u0103 premii, care se decerneaz\u0103 cu ocazia conferin\u021belor anuale: premiul Marcela Zamfirescu Gheorghiu pentru cea mai bun\u0103 prezentare poster, \u0219i premiul Eugen Mody, pentru realiz\u0103ri deosebite \u00een domeniul medicinei de laborator. Membrii&nbsp; merituo\u0219i au putut primi sponsoriz\u0103ri la manifest\u0103ri \u0219tiin\u021bifice europene \u0219i interna\u021bionale \u0219i stagii \u00een centre medicale externe de prestigiu.<\/p>\n\n\n\n<p>\u00cen programul manifest\u0103rilor a figurat \u0219i o expozi\u021bie de firme de aparatur\u0103 \u0219i reactivi de laborator, companiile de diagnostic in vitro sus\u021bin\u00e2nd \u0219i workshopuri \u00een care au prezentat cele mai noi \u0219i moderne apari\u021bii,&nbsp;&nbsp; av\u00e2nd ca scop cre\u0219terea calit\u0103\u021bii analizelor de laborator.<\/p>\n\n\n\n<p>Programul social al conferin\u021belor a inclus de fiecare dat\u0103&nbsp; \u0219i o excursie \u00een zonele turistice din \u00eemprejurimi, organizat\u0103 \u00een ultima zi a fiec\u0103rei manifest\u0103ri.<\/p>\n\n\n\n<p>ALMR are propria ei revist\u0103, Revista Rom\u00e2n\u0103 de Medicin\u0103 de Laborator (www.rrml.ro), av\u00e2nd ca editor \u0219ef pe prof.dr. Minodora Dobreanu. Revista este indexat\u0103 ISI \u0219i are factor de impact, oferind astfel ocazia public\u0103rii rezultatelor cercet\u0103rilor \u0219tiin\u021bifice \u0219i vizibilitatea acestora.<\/p>\n\n\n\n<p>Site-ul asocia\u021biei&nbsp; permite comunicarea eficient\u0103 cu membrii s\u0103i, ace\u0219tia fiind informa\u021bi despre nout\u0103\u021bi de ultim\u0103 or\u0103 (manifest\u0103ri \u0219tiin\u021bifice interne \u0219i externe).<\/p>\n\n\n\n<p>Pentru cadrele superioare de laborator, c\u00e2t \u0219i pentru asisten\u021bii medicali de laborator s-au organizat cursuri \u00een diverse loca\u021bii din \u021bar\u0103.<\/p>\n\n\n\n<p>\u00cen decursul anilor s-au publicat o serie de tratate:<\/p>\n\n\n\n<ul class=\"wp-block-list\">\n<li>BIOCHIMIE CLINIC\u0102 2000, autori Eugen Mody, Ileana Funduc, Ruxandra Alecsandrescu, Minodora Dobreanu.<\/li>\n\n\n\n<li>BIOCHIMIE CLINIC\u0102 2006, ed.I, autori Minodora Dobreanu, Anca Bac\u00e2rea, Monica Badiu, Dan Dobreanu, Enache Elena Lumini\u021ba, Enache Liviu Sorin, Marta Andrea Fodor, F\u00f6ldes Anna-Maria, Tru\u021ba Irina, Vecserka Maria-Orsolya.<\/li>\n\n\n\n<li>BIOCHIMIE CLINIC\u0102 2010, ed.II, autori Ioana Bruda\u0219c\u0103 Mircea Cucuianu, Dan Dobreanu, Minodora Dobreanu, Enache Elena Lumini\u021ba, Enache Liviu Sorin, Marta Andrea Fodor, Annamaria F\u00f6ldes, Ileana Funduc, Sorin G\u00eeju, \u0218tefan Hobai, Alina M\u0103rginean, Enik\u00f6 Neme\u0219-<\/li>\n\n\n\n<li>BIOCHIMIE CLINIC\u0102 2015 ed.III, vol.I \u0219i II autori Claudia B\u0103nescu, Gabriela Bordeianu, Ioana Bruda\u0219c\u0103, Simona Cernea, Mircea Cucuianu, Daniela Cristina Dimitriu, Dan Dobreanu, Minodora Dobreanu, Andrea Marta Fodor, Anamaria F\u00f6ldes, Ileana Funduc, Alina M\u0103rginean, Enik\u00f6 Neme\u0219-Nagy, Elena Petrescu-D\u0103nil\u0103, Ariadna R\u0103dulescu, Alina Scridon, Raluca St\u0103nescu, Didona Ungureanu.<\/li>\n<\/ul>\n\n\n\n<p>Atmosfera din cadrul bordului Asocia\u021biei a fost totdeauna cordial\u0103, numai \u00een acest fel am putut realiza obiectivele propuse.<\/p>\n\n\n\n<p>Asocia\u021bia de Medicin\u0103 de Laborator din Rom\u00e2nia \u0219i-a propus s\u0103 contribuie la sprijinirea \u0219i \u00eembun\u0103t\u0103\u021birea preg\u0103tirii profesionale a speciali\u0219tilor (medici, biologi, biochimi\u0219ti, chimi\u0219ti) din domeniul medicinei de laborator, la sus\u021binerea \u0219i impulsionarea cercet\u0103rilor \u0219tiin\u021bifice, la perfec\u021bionarea activit\u0103\u021bii desf\u0103\u0219urate \u00een sensul armoniz\u0103rii cu standardele Uniunii Europene. Eforturile Asocia\u021biei pentru ridicarea nivelului activitatii in laboratoarele medicale constituie un sprijin de baz\u0103 pentru realizarea unui act medical de calitate.<\/p>\n","protected":false},"excerpt":{"rendered":"<p>Asocia\u0163ia de Medicin\u0103 de Laborator din Rom\u00e2nia continu\u0103 activitatea Funda\u0163iei de Laborator Clinic Marcela Zamfirescu Gheorghiu \u015fi \u00ee\u015fi propune s\u0103<\/p>\n","protected":false},"author":1,"featured_media":0,"parent":0,"menu_order":0,"comment_status":"closed","ping_status":"closed","template":"","meta":{"colormag_page_container_layout":"default_layout","colormag_page_sidebar_layout":"default_layout","footnotes":""},"class_list":["post-37","page","type-page","status-publish","hentry"],"_links":{"self":[{"href":"https:\/\/amlr.ro\/index.php?rest_route=\/wp\/v2\/pages\/37","targetHints":{"allow":["GET"]}}],"collection":[{"href":"https:\/\/amlr.ro\/index.php?rest_route=\/wp\/v2\/pages"}],"about":[{"href":"https:\/\/amlr.ro\/index.php?rest_route=\/wp\/v2\/types\/page"}],"author":[{"embeddable":true,"href":"https:\/\/amlr.ro\/index.php?rest_route=\/wp\/v2\/users\/1"}],"replies":[{"embeddable":true,"href":"https:\/\/amlr.ro\/index.php?rest_route=%2Fwp%2Fv2%2Fcomments&post=37"}],"version-history":[{"count":23,"href":"https:\/\/amlr.ro\/index.php?rest_route=\/wp\/v2\/pages\/37\/revisions"}],"predecessor-version":[{"id":1148,"href":"https:\/\/amlr.ro\/index.php?rest_route=\/wp\/v2\/pages\/37\/revisions\/1148"}],"wp:attachment":[{"href":"https:\/\/amlr.ro\/index.php?rest_route=%2Fwp%2Fv2%2Fmedia&parent=37"}],"curies":[{"name":"wp","href":"https:\/\/api.w.org\/{rel}","templated":true}]}}